{"id":2842,"date":"2020-07-01T13:55:26","date_gmt":"2020-07-01T11:55:26","guid":{"rendered":"https:\/\/www.fundaciontajamar.es\/?page_id=2842"},"modified":"2024-01-19T09:29:16","modified_gmt":"2024-01-19T08:29:16","slug":"becas-tajamar","status":"publish","type":"page","link":"https:\/\/www.fundaciontajamar.es\/es\/becas-tajamar\/","title":{"rendered":"BECAS TAJAMAR"},"content":{"rendered":"[vc_row full_width=&#8221;stretch_row_content&#8221; column_spacing=&#8221;5&#8243; equal_height=&#8221;yes&#8221; remove_bottom_col_margin=&#8221;true&#8221; el_id=&#8221;row-intro&#8221; min_height=&#8221;30vh&#8221;][vc_column width=&#8221;1\/3&#8243; css=&#8221;.vc_custom_1593501243860{background-color: #39a6de !important;}&#8221;]<div class=\"vcex-spacing\" style=\"height:30px\"><\/div><div class=\"vcex-module vcex-heading vcex-heading-plain\" style=\"text-align:right;\"><span class=\"vcex-heading-inner clr\">BECAS TAJAMAR<\/span><\/div>[\/vc_column][vc_column width=&#8221;2\/3&#8243; css=&#8221;.vc_custom_1593501308334{background-image: url(https:\/\/www.fundaciontajamar.es\/wp-content\/uploads\/2017\/02\/07a8aa_eeda7bd156b0490d8f77ab668041fa01~mv2.jpg?id=541) !important;background-position: center !important;background-repeat: no-repeat !important;background-size: cover !important;}&#8221;][\/vc_column][\/vc_row][vc_row full_width=&#8221;stretch_row_content&#8221; column_spacing=&#8221;5&#8243; gap=&#8221;1&#8243; equal_height=&#8221;yes&#8221; remove_bottom_col_margin=&#8221;true&#8221; el_id=&#8221;bloques&#8221; min_height=&#8221;30VH&#8221;][vc_column]<div class=\"vcex-spacing\" style=\"height:10px\"><\/div>[vc_text_separator title=&#8221;TAJAMAR, MADE IN VALLECAS&#8221; color=&#8221;sky&#8221; border_width=&#8221;3&#8243; css=&#8221;.vc_custom_1593793505443{background-position: center !important;background-repeat: no-repeat !important;background-size: contain !important;}&#8221;]<div class=\"vcex-spacing\" style=\"height:30px\"><\/div>[vc_row_inner equal_height=&#8221;yes&#8221; gap=&#8221;10&#8243; remove_bottom_col_margin=&#8221;true&#8221;][vc_column_inner width=&#8221;1\/2&#8243; css=&#8221;.vc_custom_1595580178451{background-position: center !important;background-repeat: no-repeat !important;background-size: cover !important;}&#8221;]<div class=\"vcex-spacing\" style=\"height:30px\"><\/div>[vc_video link=&#8221;https:\/\/www.youtube.com\/watch?v=YKgP&#8211;a546U&#8221; align=&#8221;center&#8221;][\/vc_column_inner][vc_column_inner width=&#8221;1\/2&#8243;][vc_column_text]\n<p style=\"padding-left: 40px;\"><span style=\"font-size: 18px;\"><span style=\"color: #000000;\">La situaci\u00f3n actual despu\u00e9s de la pandemia, ha afectado a la econom\u00eda de muchas familias y, desde Tajamar, queremos que todos los alumnos, actuales y futuros, sin importar su nivel de renta, tengan la oportunidad de estudiar aqu\u00ed. <\/span><\/span><\/p>\n<p style=\"padding-left: 40px;\"><span style=\"font-size: 18px;\"><span style=\"color: #000000;\">Por eso, nos proponemos aumentar el n\u00famero de becas y ayudas y <strong>queremos contar contigo<\/strong> para que esto sea una realidad.<\/span><\/span><\/p>\n[\/vc_column_text][\/vc_column_inner][\/vc_row_inner]<div class=\"vcex-spacing\" style=\"height:30px\"><\/div>[vc_row_inner disable_element=&#8221;yes&#8221;][vc_column_inner width=&#8221;1\/6&#8243;][\/vc_column_inner][vc_column_inner width=&#8221;2\/3&#8243;]<div class=\"vcex-module vcex-heading vcex-heading-plain\" style=\"font-size:25px;font-weight:700;text-align:center;\"><span class=\"vcex-heading-inner clr\">\u00a1LO HAB\u00c9IS CONSEGUIDO!<\/span><\/div><div class=\"vcex-spacing\" style=\"height:30px\"><\/div>[vc_column_text]\n<p style=\"padding-left: 120px;\"><span style=\"color: #000000;\">En enero pasado iniciamos una campa\u00f1a para becar a las familias m\u00e1s necesitadas del colegio poni\u00e9ndonos como reto conseguir 100 becas de 1.200 euros. En septiembre hemos alcanzado los 135.600 euros recaudados y llevamos ayudadas a 104 familias.<\/span><\/p>\n[\/vc_column_text][vc_column_text]\n<p style=\"padding-left: 120px;\"><span style=\"color: #000000;\">Aunque quer\u00edamos dar por terminada la campa\u00f1a despu\u00e9s de haber alcanzado el objetivo marcado, este nuevo curso se han recibido m\u00e1s de 160 solicitudes de ayuda nuevamente, por lo que mantendremos ABIERTA LA CAMPA\u00d1A DE BECAS 2021-2022 para poder dar respuesta a las familias que lo siguen necesitando.<\/span><\/p>\n[\/vc_column_text]<div class=\"textcenter theme-button-block-wrap theme-button-wrap clr\"><a href=\"https:\/\/www.fundaciontajamar.es\/dona\/\" class=\"vcex-button theme-button blue medium align-center block animate-on-hover\" style=\"background:#0f2cbc;\"><span class=\"theme-button-inner\">Si deseas ayudar o conoces a alguien que pueda hacerlo, \u00a1pincha aqu\u00ed!<\/span><\/a><\/div> [\/vc_column_inner][vc_column_inner width=&#8221;1\/6&#8243;][\/vc_column_inner][\/vc_row_inner][vc_row_inner][vc_column_inner][vc_text_separator title=&#8221;TESTIMONIOS&#8221; color=&#8221;sky&#8221; border_width=&#8221;3&#8243; el_class=&#8221;tit-juv-sm&#8221;][\/vc_column_inner][\/vc_row_inner][\/vc_column][\/vc_row][vc_row full_width=&#8221;stretch_row_content&#8221; column_spacing=&#8221;40&#8243; gap=&#8221;30&#8243; equal_height=&#8221;yes&#8221; typography_style=&#8221;black&#8221; remove_bottom_col_margin=&#8221;true&#8221; min_height=&#8221;30vh&#8221;][vc_column width=&#8221;1\/4&#8243;][\/vc_column][vc_column width=&#8221;1\/4&#8243;]<div class=\"vcex-image vcex-module vcex-clr textcenter\"><span class=\"vcex-image-inner\"><img loading=\"lazy\" decoding=\"async\" src=\"https:\/\/www.fundaciontajamar.es\/wp-content\/uploads\/2020\/07\/Elitha-2-250x250.jpg\" data-no-retina width=\"250\" height=\"250\" \/><\/span><\/div><div class=\"vcex-spacing\" style=\"height:30px\"><\/div><div class=\"vcex-module vcex-heading vcex-heading-plain\" style=\"text-align:center;\"><span class=\"vcex-heading-inner clr\">Elitha Tucto Culqui<\/span><\/div><div class=\"vcex-spacing\" style=\"height:15px\"><\/div><div class=\"vcex-module vcex-heading vcex-heading-plain wpex-italic\" style=\"font-size:14px;text-align:center;\"><span class=\"vcex-heading-inner clr\">Madre Infantil Tajamar<\/span><\/div><div class=\"vcex-spacing\" style=\"height:15px\"><\/div><div class=\"vcex-module vcex-divider-dots clr textcenter\"><span style=\"background:#1e73be;\"><\/span><span style=\"background:#1e73be;\"><\/span><span style=\"background:#1e73be;\"><\/span><\/div><div class=\"vcex-spacing\" style=\"height:30px\"><\/div>[vc_column_text]<span style=\"color: #000000;\">Tengo un hijo de 3 a\u00f1os y soy madre soltera. En 2016 llegu\u00e9 a la parroquia San Ram\u00f3n Nonato a la casa de acogida. All\u00ed escuch\u00e9 acerca del Colegio Tajamar, hablaban muy bien. Les ayudan a ser independientes desde muy peque\u00f1os, y cada ni\u00f1o tiene un tutor personal. Sobre todo, me gusta porque es un colegio cat\u00f3lico donde les ense\u00f1an desde muy peque\u00f1itos la fe. Recuerdo que coment\u00e9 que me encantar\u00eda que mi hijo pudiera estudiar alg\u00fan d\u00eda en Tajamar, pero me dec\u00edan no mires tan alto, no seas pretenciosa hay muchos colegios muy buenos, todos me desanimaban. Visto lo visto no me quedaba otra que meterle en un cole que estuviera por el barrio. Era el 29 de marzo, cumplea\u00f1os de mi hijo en la parroquia San Ram\u00f3n Nonato, un voluntario del CEM me hizo esta pregunta: \u00bfQuieres que Francisco Javier estudie en Tajamar? Por supuesto, le dije que s\u00ed, pero que no ten\u00eda dinero para pagar nada, a lo que respondi\u00f3 que encontrar\u00eda soluciones. A partir de entonces una puerta grande se abri\u00f3 para mi hijo y para m\u00ed. Desde el primer d\u00eda de clase mi hijo est\u00e1 contento, le gusta ir al cole. Cuando le despierto por la ma\u00f1ana me dice: \u00bfMam\u00e1 nos vamos a mi s\u00faper cole? Yo estoy contenta porque veo que va progresando en todo, en su comportamiento, su lenguaje. Hace unos d\u00edas me sorprend\u00ed cuando vi escribiendo las vocales. Desde el primer d\u00eda fuimos acogidos, no sent\u00ed en ning\u00fan momento diferencias. Siempre que puedo me gusta ver la hora de salida de los ni\u00f1os. Da gusto ver c\u00f3mo pasan con sus padres a saludar a Jes\u00fas. Le mandan besitos. Todo fue posible gracias a la generosidad del colegio, que ha hecho posible que Francisco Javier pueda estudiar aqu\u00ed.<\/span>[\/vc_column_text][\/vc_column][vc_column width=&#8221;1\/4&#8243;]<div class=\"vcex-image vcex-module vcex-clr textcenter\"><span class=\"vcex-image-inner\"><img loading=\"lazy\" decoding=\"async\" src=\"https:\/\/www.fundaciontajamar.es\/wp-content\/uploads\/2020\/07\/IMG_20200625_115043_613-250x250.jpg\" data-no-retina width=\"250\" height=\"250\" \/><\/span><\/div><div class=\"vcex-spacing\" style=\"height:30px\"><\/div><div class=\"vcex-module vcex-heading vcex-heading-plain\" style=\"text-align:center;\"><span class=\"vcex-heading-inner clr\">Manuel Mart\u00ednez-Sell\u00e9s D\u2019oliveira Soares<\/span><\/div><div class=\"vcex-spacing\" style=\"height:15px\"><\/div><div class=\"vcex-module vcex-heading vcex-heading-plain wpex-italic\" style=\"font-size:14px;text-align:center;\"><span class=\"vcex-heading-inner clr\">Padre de Tajamar y de Los Tilos. Catedr\u00e1tico de Medicina. Presidente del Ilustre Colegio Oficial de M\u00e9dicos de Madrid<\/span><\/div><div class=\"vcex-spacing\" style=\"height:15px\"><\/div><div class=\"vcex-module vcex-divider-dots clr textcenter\"><span style=\"background:#1e73be;\"><\/span><span style=\"background:#1e73be;\"><\/span><span style=\"background:#1e73be;\"><\/span><\/div><div class=\"vcex-spacing\" style=\"height:30px\"><\/div>[vc_column_text]Es dif\u00edcil en pocas l\u00edneas decir qu\u00e9 significa este pedacito de cielo que tenemos en Vallecas. Con la experiencia de ocho hijos, y habiendo pasado por todas las etapas en Tajamar y en su hermana Los Tilos, puedo decir que no solo ha hecho a nuestros hijos mejores personas, sino que nos ha hecho mejores a todos en casa. Formaci\u00f3n s\u00f3lida en valores, cristiana y centrada en la familia, verdadero oasis en la educaci\u00f3n madrile\u00f1a. Adem\u00e1s, en nuestro caso, con excelentes resultados acad\u00e9micos.[\/vc_column_text][\/vc_column][vc_column width=&#8221;1\/4&#8243;][\/vc_column][\/vc_row][vc_row][vc_column]<div class=\"vcex-spacing\" style=\"height:30px\"><\/div>[vc_row_inner equal_height=&#8221;yes&#8221; gap=&#8221;5&#8243; remove_bottom_col_margin=&#8221;true&#8221;][vc_column_inner width=&#8221;1\/3&#8243;]<div class=\"vcex-module vcex-heading vcex-heading-plain\" style=\"font-size:25px;font-weight:700;text-transform:uppercase;\"><span class=\"vcex-heading-inner clr\">100 nuevas peticiones de becas por parte de familias del colegio<\/span><\/div><div class=\"vcex-spacing\" style=\"height:30px\"><\/div>[vc_column_text]<span style=\"font-size: 16px;\">Desde el inicio del curso, han llegado a Tajamar <strong>190 nuevas peticiones de becas<\/strong> por parte de varias familias de alumnos. Nuestro objetivo es conseguir <strong>50.000\u20ac<\/strong> en este curso <strong>2023-2024 <\/strong>para que los chicos de estas familias puedan recibir una educaci\u00f3n de calidad sin que el nivel de renta de su familia sea un obst\u00e1culo.<\/span>[\/vc_column_text][\/vc_column_inner][vc_column_inner width=&#8221;2\/3&#8243;]<div class=\"vcex-spacing\" style=\"height:50px\"><\/div>[vc_progress_bar values=&#8221;%5B%7B%22label%22%3A%22Objetivo%22%2C%22value%22%3A%2240%22%2C%22color%22%3A%22bar_blue%22%7D%2C%7B%22label%22%3A%22Conseguidas%22%2C%22value%22%3A%2210%22%2C%22color%22%3A%22bar_orange%22%7D%5D&#8221; bgcolor=&#8221;white&#8221; title=&#8221;N\u00daMERO DE BECAS&#8221; units=&#8221;becas&#8221;]<div class=\"vcex-spacing\" style=\"height:30px\"><\/div><div class=\"textcenter theme-button-block-wrap theme-button-wrap clr\"><a href=\"https:\/\/www.fundaciontajamar.es\/dona\/\" class=\"vcex-button theme-button outline large align-center block animate-on-hover\"><span class=\"theme-button-inner\">Dona ahora<\/span><\/a><\/div> [\/vc_column_inner][\/vc_row_inner][vc_row_inner][vc_column_inner][\/vc_column_inner][\/vc_row_inner][\/vc_column][\/vc_row]\n","protected":false},"excerpt":{"rendered":"<p>[vc_row full_width=&#8221;stretch_row_content&#8221; column_spacing=&#8221;5&#8243; equal_height=&#8221;yes&#8221; remove_bottom_col_margin=&#8221;true&#8221; el_id=&#8221;row-intro&#8221; min_height=&#8221;30vh&#8221;][vc_column width=&#8221;1\/3&#8243; css=&#8221;.vc_custom_1593501243860{background-color: #39a6de !important;}&#8221;][\/vc_column][vc_column width=&#8221;2\/3&#8243; css=&#8221;.vc_custom_1593501308334{background-image: url(https:\/\/www.fundaciontajamar.es\/wp-content\/uploads\/2017\/02\/07a8aa_eeda7bd156b0490d8f77ab668041fa01~mv2.jpg?id=541) !important;background-position: center !important;background-repeat: no-repeat !important;background-size: cover !important;}&#8221;][\/vc_column][\/vc_row][vc_row full_width=&#8221;stretch_row_content&#8221; column_spacing=&#8221;5&#8243; gap=&#8221;1&#8243; equal_height=&#8221;yes&#8221; remove_bottom_col_margin=&#8221;true&#8221; el_id=&#8221;bloques&#8221; min_height=&#8221;30VH&#8221;][vc_column][vc_text_separator title=&#8221;TAJAMAR, MADE IN VALLECAS&#8221; color=&#8221;sky&#8221; border_width=&#8221;3&#8243; css=&#8221;.vc_custom_1593793505443{background-position: center !important;background-repeat: no-repeat !important;background-size: contain&hellip;<\/p>\n","protected":false},"author":5,"featured_media":0,"parent":0,"menu_order":0,"comment_status":"closed","ping_status":"closed","template":"","meta":{"give_campaign_id":0,"_et_pb_use_builder":"","_et_pb_old_content":"","_et_gb_content_width":"","inline_featured_image":false,"footnotes":""},"class_list":["post-2842","page","type-page","status-publish","hentry","entry","no-media"],"yoast_head":"<!-- This site is optimized with the Yoast SEO plugin v27.1.1 - https:\/\/yoast.com\/product\/yoast-seo-wordpress\/ -->\n<title>BECAS TAJAMAR - Fundaci\u00f3n Tajamar<\/title>\n<meta name=\"robots\" content=\"index, follow, max-snippet:-1, max-image-preview:large, max-video-preview:-1\" \/>\n<link rel=\"canonical\" href=\"https:\/\/www.fundaciontajamar.es\/es\/becas-tajamar\/\" \/>\n<meta property=\"og:locale\" content=\"es_ES\" \/>\n<meta property=\"og:type\" content=\"article\" \/>\n<meta property=\"og:title\" content=\"BECAS TAJAMAR - Fundaci\u00f3n Tajamar\" \/>\n<meta property=\"og:description\" content=\"[vc_row full_width=&#8221;stretch_row_content&#8221; column_spacing=&#8221;5&#8243; equal_height=&#8221;yes&#8221; remove_bottom_col_margin=&#8221;true&#8221; el_id=&#8221;row-intro&#8221; min_height=&#8221;30vh&#8221;][vc_column width=&#8221;1\/3&#8243; css=&#8221;.vc_custom_1593501243860{background-color: #39a6de !important;}&#8221;][\/vc_column][vc_column width=&#8221;2\/3&#8243; css=&#8221;.vc_custom_1593501308334{background-image: url(https:\/\/www.fundaciontajamar.es\/wp-content\/uploads\/2017\/02\/07a8aa_eeda7bd156b0490d8f77ab668041fa01~mv2.jpg?id=541) !important;background-position: center !important;background-repeat: no-repeat !important;background-size: cover !important;}&#8221;][\/vc_column][\/vc_row][vc_row full_width=&#8221;stretch_row_content&#8221; column_spacing=&#8221;5&#8243; gap=&#8221;1&#8243; equal_height=&#8221;yes&#8221; remove_bottom_col_margin=&#8221;true&#8221; el_id=&#8221;bloques&#8221; min_height=&#8221;30VH&#8221;][vc_column][vc_text_separator title=&#8221;TAJAMAR, MADE IN VALLECAS&#8221; color=&#8221;sky&#8221; border_width=&#8221;3&#8243; css=&#8221;.vc_custom_1593793505443{background-position: center !important;background-repeat: no-repeat !important;background-size: contain&hellip;\" \/>\n<meta property=\"og:url\" content=\"https:\/\/www.fundaciontajamar.es\/es\/becas-tajamar\/\" \/>\n<meta property=\"og:site_name\" content=\"Fundaci\u00f3n Tajamar\" \/>\n<meta property=\"article:publisher\" content=\"https:\/\/www.facebook.com\/Fundaci%c3%b3n-Tajamar-106985744251948\" \/>\n<meta property=\"article:modified_time\" content=\"2024-01-19T08:29:16+00:00\" \/>\n<meta name=\"twitter:card\" content=\"summary_large_image\" \/>\n<meta name=\"twitter:site\" content=\"@FTajamar\" \/>\n<meta name=\"twitter:label1\" content=\"Tiempo de lectura\" \/>\n\t<meta name=\"twitter:data1\" content=\"4 minutos\" \/>\n<script type=\"application\/ld+json\" class=\"yoast-schema-graph\">{\"@context\":\"https:\/\/schema.org\",\"@graph\":[{\"@type\":\"WebPage\",\"@id\":\"https:\/\/www.fundaciontajamar.es\/es\/becas-tajamar\/\",\"url\":\"https:\/\/www.fundaciontajamar.es\/es\/becas-tajamar\/\",\"name\":\"BECAS TAJAMAR - Fundaci\u00f3n Tajamar\",\"isPartOf\":{\"@id\":\"https:\/\/www.fundaciontajamar.es\/es\/#website\"},\"datePublished\":\"2020-07-01T11:55:26+00:00\",\"dateModified\":\"2024-01-19T08:29:16+00:00\",\"breadcrumb\":{\"@id\":\"https:\/\/www.fundaciontajamar.es\/es\/becas-tajamar\/#breadcrumb\"},\"inLanguage\":\"es\",\"potentialAction\":[{\"@type\":\"ReadAction\",\"target\":[\"https:\/\/www.fundaciontajamar.es\/es\/becas-tajamar\/\"]}]},{\"@type\":\"BreadcrumbList\",\"@id\":\"https:\/\/www.fundaciontajamar.es\/es\/becas-tajamar\/#breadcrumb\",\"itemListElement\":[{\"@type\":\"ListItem\",\"position\":1,\"name\":\"Portada\",\"item\":\"https:\/\/www.fundaciontajamar.es\/es\/\"},{\"@type\":\"ListItem\",\"position\":2,\"name\":\"BECAS TAJAMAR\"}]},{\"@type\":\"WebSite\",\"@id\":\"https:\/\/www.fundaciontajamar.es\/es\/#website\",\"url\":\"https:\/\/www.fundaciontajamar.es\/es\/\",\"name\":\"Fundaci\u00f3n Tajamar\",\"description\":\"Proyectos educativos y sociales. Promoci\u00f3n del deporte en valores.\",\"publisher\":{\"@id\":\"https:\/\/www.fundaciontajamar.es\/es\/#organization\"},\"potentialAction\":[{\"@type\":\"SearchAction\",\"target\":{\"@type\":\"EntryPoint\",\"urlTemplate\":\"https:\/\/www.fundaciontajamar.es\/es\/?s={search_term_string}\"},\"query-input\":{\"@type\":\"PropertyValueSpecification\",\"valueRequired\":true,\"valueName\":\"search_term_string\"}}],\"inLanguage\":\"es\"},{\"@type\":\"Organization\",\"@id\":\"https:\/\/www.fundaciontajamar.es\/es\/#organization\",\"name\":\"Fundaci\u00f3n Tajamar\",\"url\":\"https:\/\/www.fundaciontajamar.es\/es\/\",\"logo\":{\"@type\":\"ImageObject\",\"inLanguage\":\"es\",\"@id\":\"https:\/\/www.fundaciontajamar.es\/es\/#\/schema\/logo\/image\/\",\"url\":\"https:\/\/www.fundaciontajamar.es\/wp-content\/uploads\/2018\/12\/tajamar-logo.svg\",\"contentUrl\":\"https:\/\/www.fundaciontajamar.es\/wp-content\/uploads\/2018\/12\/tajamar-logo.svg\",\"width\":1,\"height\":1,\"caption\":\"Fundaci\u00f3n Tajamar\"},\"image\":{\"@id\":\"https:\/\/www.fundaciontajamar.es\/es\/#\/schema\/logo\/image\/\"},\"sameAs\":[\"https:\/\/www.facebook.com\/Fundaci\u00f3n-Tajamar-106985744251948\",\"https:\/\/x.com\/FTajamar\",\"https:\/\/www.youtube.com\/channel\/UCjunexqPeuGJKMJhzEu9tAA\"]}]}<\/script>\n<!-- \/ Yoast SEO plugin. -->","yoast_head_json":{"title":"BECAS TAJAMAR - Fundaci\u00f3n Tajamar","robots":{"index":"index","follow":"follow","max-snippet":"max-snippet:-1","max-image-preview":"max-image-preview:large","max-video-preview":"max-video-preview:-1"},"canonical":"https:\/\/www.fundaciontajamar.es\/es\/becas-tajamar\/","og_locale":"es_ES","og_type":"article","og_title":"BECAS TAJAMAR - Fundaci\u00f3n Tajamar","og_description":"[vc_row full_width=&#8221;stretch_row_content&#8221; column_spacing=&#8221;5&#8243; equal_height=&#8221;yes&#8221; remove_bottom_col_margin=&#8221;true&#8221; el_id=&#8221;row-intro&#8221; min_height=&#8221;30vh&#8221;][vc_column width=&#8221;1\/3&#8243; css=&#8221;.vc_custom_1593501243860{background-color: #39a6de !important;}&#8221;][\/vc_column][vc_column width=&#8221;2\/3&#8243; css=&#8221;.vc_custom_1593501308334{background-image: url(https:\/\/www.fundaciontajamar.es\/wp-content\/uploads\/2017\/02\/07a8aa_eeda7bd156b0490d8f77ab668041fa01~mv2.jpg?id=541) !important;background-position: center !important;background-repeat: no-repeat !important;background-size: cover !important;}&#8221;][\/vc_column][\/vc_row][vc_row full_width=&#8221;stretch_row_content&#8221; column_spacing=&#8221;5&#8243; gap=&#8221;1&#8243; equal_height=&#8221;yes&#8221; remove_bottom_col_margin=&#8221;true&#8221; el_id=&#8221;bloques&#8221; min_height=&#8221;30VH&#8221;][vc_column][vc_text_separator title=&#8221;TAJAMAR, MADE IN VALLECAS&#8221; color=&#8221;sky&#8221; border_width=&#8221;3&#8243; css=&#8221;.vc_custom_1593793505443{background-position: center !important;background-repeat: no-repeat !important;background-size: contain&hellip;","og_url":"https:\/\/www.fundaciontajamar.es\/es\/becas-tajamar\/","og_site_name":"Fundaci\u00f3n Tajamar","article_publisher":"https:\/\/www.facebook.com\/Fundaci%c3%b3n-Tajamar-106985744251948","article_modified_time":"2024-01-19T08:29:16+00:00","twitter_card":"summary_large_image","twitter_site":"@FTajamar","twitter_misc":{"Tiempo de lectura":"4 minutos"},"schema":{"@context":"https:\/\/schema.org","@graph":[{"@type":"WebPage","@id":"https:\/\/www.fundaciontajamar.es\/es\/becas-tajamar\/","url":"https:\/\/www.fundaciontajamar.es\/es\/becas-tajamar\/","name":"BECAS TAJAMAR - Fundaci\u00f3n Tajamar","isPartOf":{"@id":"https:\/\/www.fundaciontajamar.es\/es\/#website"},"datePublished":"2020-07-01T11:55:26+00:00","dateModified":"2024-01-19T08:29:16+00:00","breadcrumb":{"@id":"https:\/\/www.fundaciontajamar.es\/es\/becas-tajamar\/#breadcrumb"},"inLanguage":"es","potentialAction":[{"@type":"ReadAction","target":["https:\/\/www.fundaciontajamar.es\/es\/becas-tajamar\/"]}]},{"@type":"BreadcrumbList","@id":"https:\/\/www.fundaciontajamar.es\/es\/becas-tajamar\/#breadcrumb","itemListElement":[{"@type":"ListItem","position":1,"name":"Portada","item":"https:\/\/www.fundaciontajamar.es\/es\/"},{"@type":"ListItem","position":2,"name":"BECAS TAJAMAR"}]},{"@type":"WebSite","@id":"https:\/\/www.fundaciontajamar.es\/es\/#website","url":"https:\/\/www.fundaciontajamar.es\/es\/","name":"Fundaci\u00f3n Tajamar","description":"Proyectos educativos y sociales. Promoci\u00f3n del deporte en valores.","publisher":{"@id":"https:\/\/www.fundaciontajamar.es\/es\/#organization"},"potentialAction":[{"@type":"SearchAction","target":{"@type":"EntryPoint","urlTemplate":"https:\/\/www.fundaciontajamar.es\/es\/?s={search_term_string}"},"query-input":{"@type":"PropertyValueSpecification","valueRequired":true,"valueName":"search_term_string"}}],"inLanguage":"es"},{"@type":"Organization","@id":"https:\/\/www.fundaciontajamar.es\/es\/#organization","name":"Fundaci\u00f3n Tajamar","url":"https:\/\/www.fundaciontajamar.es\/es\/","logo":{"@type":"ImageObject","inLanguage":"es","@id":"https:\/\/www.fundaciontajamar.es\/es\/#\/schema\/logo\/image\/","url":"https:\/\/www.fundaciontajamar.es\/wp-content\/uploads\/2018\/12\/tajamar-logo.svg","contentUrl":"https:\/\/www.fundaciontajamar.es\/wp-content\/uploads\/2018\/12\/tajamar-logo.svg","width":1,"height":1,"caption":"Fundaci\u00f3n Tajamar"},"image":{"@id":"https:\/\/www.fundaciontajamar.es\/es\/#\/schema\/logo\/image\/"},"sameAs":["https:\/\/www.facebook.com\/Fundaci\u00f3n-Tajamar-106985744251948","https:\/\/x.com\/FTajamar","https:\/\/www.youtube.com\/channel\/UCjunexqPeuGJKMJhzEu9tAA"]}]}},"campaignId":"","_links":{"self":[{"href":"https:\/\/www.fundaciontajamar.es\/es\/wp-json\/wp\/v2\/pages\/2842\/"}],"collection":[{"href":"https:\/\/www.fundaciontajamar.es\/es\/wp-json\/wp\/v2\/pages\/"}],"about":[{"href":"https:\/\/www.fundaciontajamar.es\/es\/wp-json\/wp\/v2\/types\/page\/"}],"author":[{"embeddable":true,"href":"https:\/\/www.fundaciontajamar.es\/es\/wp-json\/wp\/v2\/users\/5\/"}],"replies":[{"embeddable":true,"href":"https:\/\/www.fundaciontajamar.es\/es\/wp-json\/wp\/v2\/comments\/?post=2842"}],"version-history":[{"count":186,"href":"https:\/\/www.fundaciontajamar.es\/es\/wp-json\/wp\/v2\/pages\/2842\/revisions\/"}],"predecessor-version":[{"id":4648,"href":"https:\/\/www.fundaciontajamar.es\/es\/wp-json\/wp\/v2\/pages\/2842\/revisions\/4648\/"}],"wp:attachment":[{"href":"https:\/\/www.fundaciontajamar.es\/es\/wp-json\/wp\/v2\/media\/?parent=2842"}],"curies":[{"name":"wp","href":"https:\/\/api.w.org\/{rel}","templated":true}]}}